{"version":"1.0","provider_name":"Colegio Nuestra Se\u00f1ora del Rosario","provider_url":"https:\/\/rosarinos.edu.uy","title":"Acto por el Natalicio de Jos\u00e9 Artigas - Colegio Nuestra Se\u00f1ora del Rosario","type":"rich","width":600,"height":338,"html":"<blockquote class=\"wp-embedded-content\" data-secret=\"8F4PGf0DhW\"><a href=\"https:\/\/rosarinos.edu.uy\/index.php\/2023\/06\/23\/acto-por-el-natalicio-de-jose-artigas\/\">Acto por el Natalicio de Jos\u00e9 Artigas<\/a><\/blockquote><iframe sandbox=\"allow-scripts\" security=\"restricted\" src=\"https:\/\/rosarinos.edu.uy\/index.php\/2023\/06\/23\/acto-por-el-natalicio-de-jose-artigas\/embed\/#?secret=8F4PGf0DhW\" width=\"600\" height=\"338\" title=\"\u00abActo por el Natalicio de Jos\u00e9 Artigas\u00bb \u2014 Colegio Nuestra Se\u00f1ora del Rosario\" data-secret=\"8F4PGf0DhW\" frameborder=\"0\" marginwidth=\"0\" marginheight=\"0\" scrolling=\"no\" class=\"wp-embedded-content\"><\/iframe><script type=\"text\/javascript\">\n\/* <![CDATA[ *\/\n\/*! This file is auto-generated *\/\n!function(d,l){\"use strict\";l.querySelector&&d.addEventListener&&\"undefined\"!=typeof URL&&(d.wp=d.wp||{},d.wp.receiveEmbedMessage||(d.wp.receiveEmbedMessage=function(e){var t=e.data;if((t||t.secret||t.message||t.value)&&!\/[^a-zA-Z0-9]\/.test(t.secret)){for(var s,r,n,a=l.querySelectorAll('iframe[data-secret=\"'+t.secret+'\"]'),o=l.querySelectorAll('blockquote[data-secret=\"'+t.secret+'\"]'),c=new RegExp(\"^https?:$\",\"i\"),i=0;i<o.length;i++)o[i].style.display=\"none\";for(i=0;i<a.length;i++)s=a[i],e.source===s.contentWindow&&(s.removeAttribute(\"style\"),\"height\"===t.message?(1e3<(r=parseInt(t.value,10))?r=1e3:~~r<200&&(r=200),s.height=r):\"link\"===t.message&&(r=new URL(s.getAttribute(\"src\")),n=new URL(t.value),c.test(n.protocol))&&n.host===r.host&&l.activeElement===s&&(d.top.location.href=t.value))}},d.addEventListener(\"message\",d.wp.receiveEmbedMessage,!1),l.addEventListener(\"DOMContentLoaded\",function(){for(var e,t,s=l.querySelectorAll(\"iframe.wp-embedded-content\"),r=0;r<s.length;r++)(t=(e=s[r]).getAttribute(\"data-secret\"))||(t=Math.random().toString(36).substring(2,12),e.src+=\"#?secret=\"+t,e.setAttribute(\"data-secret\",t)),e.contentWindow.postMessage({message:\"ready\",secret:t},\"*\")},!1)))}(window,document);\n\/\/# sourceURL=https:\/\/rosarinos.edu.uy\/wp-includes\/js\/wp-embed.min.js\n\/* ]]> *\/\n<\/script>\n","thumbnail_url":"https:\/\/rosarinos.edu.uy\/wp-content\/uploads\/2023\/06\/12-2.jpg","thumbnail_width":854,"thumbnail_height":480,"description":"El pasado 19 de junio, celebramos el acto protocolar en conmemoraci\u00f3n del Natalicio del Gral. Jos\u00e9 Gervasio Artigas. Adem\u00e1s, los alumnos de primer a\u00f1o prestaron su Promesa de Fidelidad al Pabell\u00f3n Nacional. #RosarinosAtlantida #CreciendoConHumanidad Palabras de Jos\u00e9 Castro en homenaje a Jos\u00e9 Artigas Querida comunidad educativa; queridos docentes, familias y alumnos rosarinos. Me toca el &hellip; Continue reading \"\""}